{"id":2122,"date":"2025-06-16T07:23:17","date_gmt":"2025-06-16T05:23:17","guid":{"rendered":"https:\/\/te.cme.org.pl\/2025\/?page_id=2122"},"modified":"2025-11-14T08:02:36","modified_gmt":"2025-11-14T07:02:36","slug":"iv-list-modlitewny-ted-2025","status":"publish","type":"page","link":"https:\/\/te.cme.org.pl\/2025\/wspieraj-te\/modl-sie-o-te\/iv-list-modlitewny-ted-2025\/","title":{"rendered":"IV List Modlitewny TED 2025"},"content":{"rendered":"\n<p class=\"has-text-align-right\">Dzi\u0119giel\u00f3w, 13 czerwca 2025 roku<\/p>\n\n\n\n<p><strong>Drodzy Modliciele,<br>Siostry i Bracia,<br>Kochani Przyjaciele!<\/strong><\/p>\n\n\n\n<p>Ju\u017c za kilka tygodni rozpocznie si\u0119 76.\u00a0Tydzie\u0144 Ewangelizacyjny w\u00a0Dzi\u0119gielowie. Serdecznie zapraszamy Was na <strong>pierwszy punkt tegorocznego programu<\/strong> \u2013 <strong>nabo\u017ce\u0144stwo rodzinne<\/strong>, kt\u00f3re odb\u0119dzie si\u0119 <strong>w\u00a0niedziel\u0119, 6\u00a0lipca o\u00a0godz. 10.00<\/strong>.<\/p>\n\n\n\n<p>Pe\u0142ny program TED dost\u0119pny jest na stronie: <a href=\"https:\/\/te.cme.org.pl\/2025\/program\/\">te.cme.org.pl<\/a><\/p>\n\n\n\n<h2 class=\"wp-block-heading has-medium-font-size\">Ewangelizacja<\/h2>\n\n\n\n<p>Tym razem w\u00a0szczeg\u00f3lny spos\u00f3b prosimy o\u00a0modlitw\u0119 o\u00a0<strong>ewangelizacj\u0119<\/strong> rozumian\u0105 nie jako wydarzenie o\u00a0okre\u015blonej formie, ale jako ka\u017cde dzia\u0142anie, <strong>w\u00a0kt\u00f3rym pozwalamy Bogu przekaza\u0107 Jego Dobr\u0105 Wiadomo\u015b\u0107 o\u00a0ratunku w Jezusie Chrystusie<\/strong>.<\/p>\n\n\n\n<p>Modlimy si\u0119 o\u00a0to, by ka\u017cdy punkt programu TED 2025 \u2013 niezale\u017cnie od jego charakteru \u2013 by\u0142 przestrzeni\u0105 spotkania z\u00a0Jezusem. Aby s\u0142owa, muzyka, spacer, rozmowa w\u00a0kawiarence, czy modlitwa \u2013\u00a0wszystko to mog\u0142o by\u0107 u\u017cyte przez Boga, by przemawia\u0107 do ludzkich serc.<\/p>\n\n\n\n<p>Chcemy, by <strong>ka\u017cdy uczestnik<\/strong>, zw\u0142aszcza ten, kt\u00f3ry cierpi ze wzgl\u0119du na <strong>dusz\u0119 w\u00a0ruinie<\/strong>, do\u015bwiadczy\u0142 <strong>uzdrowienia, odnowienia i\u00a0przemiany<\/strong>, jak\u0105 niesie spotkanie z\u00a0\u017bywym Bogiem.<\/p>\n\n\n\n<h2 class=\"wp-block-heading has-medium-font-size\"><strong>Dzi\u0119kujemy Bogu:<\/strong><\/h2>\n\n\n\n<ul class=\"wp-block-list\">\n<li>Za to, \u017ce On sam zdecydowa\u0142, by pos\u0142a\u0107 Jezusa jako Lekarstwo dla \u015bmiertelnie chorego cz\u0142owieka.<\/li>\n\n\n\n<li>Za ka\u017cd\u0105 osob\u0119, kt\u00f3ra zaanga\u017cowa\u0142a si\u0119 w\u00a0przygotowanie TED z\u00a0pragnieniem, by ludzie poznali Chrystusa.<\/li>\n\n\n\n<li>Za mo\u017cliwo\u015b\u0107 g\u0142oszenia Ewangelii publicznie, w\u00a0wolno\u015bci i\u00a0z\u00a0rado\u015bci\u0105.<\/li>\n\n\n\n<li>Za wszystkich, kt\u00f3rzy ju\u017c (nie od) dzi\u015b modl\u0105 si\u0119 o\u00a0TED \u2013 i\u00a0tych, kt\u00f3rzy do\u0142\u0105cz\u0105.<\/li>\n<\/ul>\n\n\n\n<h2 class=\"wp-block-heading has-medium-font-size\"><strong>Pro\u015bmy Boga:<\/strong><\/h2>\n\n\n\n<ul class=\"wp-block-list\">\n<li>By ka\u017cda przestrze\u0144 TED \u2013 namioty, sale seminaryjne, alejka, transmisje internetowe \u2013 sta\u0142a si\u0119 miejscem Jego dzia\u0142ania.<\/li>\n\n\n\n<li>By Dobra Wiadomo\u015b\u0107 o\u00a0ratunku w\u00a0Jezusie by\u0142a przekazywana w\u00a0spos\u00f3b adekwatny, czytelny dla wsp\u00f3\u0142czesnego cz\u0142owieka.<\/li>\n\n\n\n<li>By ludzkie serca \u2013 nawet te najtwardsze \u2013 zosta\u0142y otwarte na Bo\u017ce S\u0142owo.<\/li>\n\n\n\n<li>By osoby pogubione, poranione, zniech\u0119cone \u2013 do\u015bwiadczy\u0142y duchowego uzdrowienia.<\/li>\n\n\n\n<li>By Duch \u015awi\u0119ty zach\u0119ca\u0142 nas do poszukiwania Bo\u017cej woli w\u00a0ka\u017cdym wymiarze naszego \u017cycia.<\/li>\n<\/ul>\n\n\n\n<p>Dzi\u0119kujemy za ka\u017cd\u0105 modlitw\u0119, dobre s\u0142owo i\u00a0przekazywanie listu dalej.<\/p>\n\n\n\n<p>Je\u015bli rozwa\u017casz r\u00f3wnie\u017c <strong>wsparcie finansowe<\/strong>, z\u00a0serca dzi\u0119kujemy:<\/p>\n\n\n\n<p><strong>Nazwa odbiorcy:<\/strong> CENTRUM MISJI I EWANGELIZACJI KO\u015aCIO\u0141A<br>EWANGELICKO-AUGSBURSKIEGO W RP<br><strong>Nazwa banku:<\/strong> Powszechna Kasa Oszcz\u0119dno\u015bci Bank Polski SA<br><strong>Kod BIC (Swift) banku:<\/strong> BPKOPLPW<br><strong>Numer konta:<\/strong> 75 1020 1390 0000 6202 0704 6347<br><strong>Tytu\u0142em:<\/strong> Darowizna na dzia\u0142alno\u015b\u0107 statutow\u0105 OPP (TED)<\/p>\n\n\n\n<p>Mo\u017cliwe jest r\u00f3wnie\u017c wykonanie przelewu BLIK na numer telefonu.<\/p>\n\n\n\n<p><strong>Numer telefonu:<\/strong> +48 509 398 500<br><strong>Tytu\u0142em:<\/strong> Darowizna na dzia\u0142alno\u015b\u0107 statutow\u0105 OPP (TED)<\/p>\n\n\n\n<p class=\"has-text-align-right\">W imieniu Zespo\u0142u pracuj\u0105cego nad TED<br>ks. Tymoteusz Bujok<\/p>\n\n\n\n<div style=\"height:100px\" aria-hidden=\"true\" class=\"wp-block-spacer\"><\/div>\n\n\n\n<p>Mo\u017cesz pobra\u0107 ten list modlitewny i wydrukowa\u0107 go dla siebie lub swoich przyjaci\u00f3\u0142: <a download=\"\" href=\"https:\/\/te.cme.org.pl\/2025\/wp-content\/uploads\/sites\/2\/2025\/06\/IV-List-Modlitewny-TED-2025-12-czerwca-2025.pdf\" data-type=\"attachment\" data-id=\"2124\">IV List modlitewny TED 2025<\/a>.<\/p>\n\n\n\n<p>List modlitewny wysy\u0142amy r\u00f3wnie\u017c mailowo do os\u00f3b kt\u00f3re wyrazi\u0142y na to zgod\u0119. Je\u015bli r\u00f3wnie\u017c chcesz do nich do\u0142\u0105czy\u0107 to wype\u0142nij poni\u017cszy formularz:<\/p>\n\n\n\n<iframe id=\"JotFormIFrame-230612376508050\" style=\"min-width: 100%; max-width: 100%; height: 550px; border: none;\" title=\"List modlitewny TE Dziegiel\u00f3w\" src=\"https:\/\/form.jotform.com\/230612376508050\" frameborder=\"0\" scrolling=\"no\" allowfullscreen=\"allowfullscreen\">\n<\/iframe>\n<script type=\"text\/javascript\">\n    var ifr = document.getElementById(\"JotFormIFrame-230612376508050\");\n    if (ifr) {\n      var src = ifr.src;\n      var iframeParams = [];\n      if (window.location.href && window.location.href.indexOf(\"?\") > -1) {\n        iframeParams = iframeParams.concat(window.location.href.substr(window.location.href.indexOf(\"?\") + 1).split('&'));\n      }\n      if (src && src.indexOf(\"?\") > -1) {\n        iframeParams = iframeParams.concat(src.substr(src.indexOf(\"?\") + 1).split(\"&\"));\n        src = src.substr(0, src.indexOf(\"?\"))\n      }\n      iframeParams.push(\"isIframeEmbed=1\");\n      ifr.src = src + \"?\" + iframeParams.join('&');\n    }\n    window.handleIFrameMessage = function(e) {\n      if (typeof e.data === 'object') { return; }\n      var args = e.data.split(\":\");\n      if (args.length > 2) { iframe = document.getElementById(\"JotFormIFrame-\" + args[(args.length - 1)]); } else { iframe = document.getElementById(\"JotFormIFrame\"); }\n      if (!iframe) { return; }\n      switch (args[0]) {\n        case \"scrollIntoView\":\n          iframe.scrollIntoView();\n          break;\n        case \"setHeight\":\n          iframe.style.height = args[1] + \"px\";\n          if (!isNaN(args[1]) && parseInt(iframe.style.minHeight) > parseInt(args[1])) {\n            iframe.style.minHeight = args[1] + \"px\";\n          }\n          break;\n        case \"collapseErrorPage\":\n          if (iframe.clientHeight > window.innerHeight) {\n            iframe.style.height = window.innerHeight + \"px\";\n          }\n          break;\n        case \"reloadPage\":\n          window.location.reload();\n          break;\n        case \"loadScript\":\n          if( !window.isPermitted(e.origin, ['jotform.com', 'jotform.pro']) ) { break; }\n          var src = args[1];\n          if (args.length > 3) {\n              src = args[1] + ':' + args[2];\n          }\n          var script = document.createElement('script');\n          script.src = src;\n          script.type = 'text\/javascript';\n          document.body.appendChild(script);\n          break;\n        case \"exitFullscreen\":\n          if      (window.document.exitFullscreen)        window.document.exitFullscreen();\n          else if (window.document.mozCancelFullScreen)   window.document.mozCancelFullScreen();\n          else if (window.document.mozCancelFullscreen)   window.document.mozCancelFullScreen();\n          else if (window.document.webkitExitFullscreen)  window.document.webkitExitFullscreen();\n          else if (window.document.msExitFullscreen)      window.document.msExitFullscreen();\n          break;\n      }\n      var isJotForm = (e.origin.indexOf(\"jotform\") > -1) ? true : false;\n      if(isJotForm && \"contentWindow\" in iframe && \"postMessage\" in iframe.contentWindow) {\n        var urls = {\"docurl\":encodeURIComponent(document.URL),\"referrer\":encodeURIComponent(document.referrer)};\n        iframe.contentWindow.postMessage(JSON.stringify({\"type\":\"urls\",\"value\":urls}), \"*\");\n      }\n    };\n    window.isPermitted = function(originUrl, whitelisted_domains) {\n      var url = document.createElement('a');\n      url.href = originUrl;\n      var hostname = url.hostname;\n      var result = false;\n      if( typeof hostname !== 'undefined' ) {\n        whitelisted_domains.forEach(function(element) {\n            if( hostname.slice((-1 * element.length - 1)) === '.'.concat(element) ||  hostname === element ) {\n                result = true;\n            }\n        });\n        return result;\n      }\n    };\n    if (window.addEventListener) {\n      window.addEventListener(\"message\", handleIFrameMessage, false);\n    } else if (window.attachEvent) {\n      window.attachEvent(\"onmessage\", handleIFrameMessage);\n    }\n    <\/script>\n\n\n\n<p><\/p>\n","protected":false},"excerpt":{"rendered":"<p>Dzi\u0119giel\u00f3w, 13 czerwca 2025 roku Drodzy Modliciele,Siostry i Bracia,Kochani Przyjaciele! Ju\u017c za kilka tygodni rozpocznie si\u0119 76.\u00a0Tydzie\u0144 Ewangelizacyjny w\u00a0Dzi\u0119gielowie. Serdecznie zapraszamy Was na pierwszy punkt tegorocznego programu \u2013 nabo\u017ce\u0144stwo rodzinne, kt\u00f3re odb\u0119dzie si\u0119 w\u00a0niedziel\u0119, 6\u00a0lipca o\u00a0godz. 10.00. Pe\u0142ny program TED dost\u0119pny jest na stronie: te.cme.org.pl Ewangelizacja Tym razem w\u00a0szczeg\u00f3lny spos\u00f3b prosimy o\u00a0modlitw\u0119 o\u00a0ewangelizacj\u0119 rozumian\u0105 nie [&hellip;]<\/p>\n","protected":false},"author":1,"featured_media":0,"parent":166,"menu_order":4,"comment_status":"closed","ping_status":"closed","template":"wp-custom-template-wsparcie","meta":{"te_page_icon":"folded_hands","footnotes":""},"class_list":["post-2122","page","type-page","status-publish","hentry"],"_links":{"self":[{"href":"https:\/\/te.cme.org.pl\/2025\/wp-json\/wp\/v2\/pages\/2122","targetHints":{"allow":["GET"]}}],"collection":[{"href":"https:\/\/te.cme.org.pl\/2025\/wp-json\/wp\/v2\/pages"}],"about":[{"href":"https:\/\/te.cme.org.pl\/2025\/wp-json\/wp\/v2\/types\/page"}],"author":[{"embeddable":true,"href":"https:\/\/te.cme.org.pl\/2025\/wp-json\/wp\/v2\/users\/1"}],"replies":[{"embeddable":true,"href":"https:\/\/te.cme.org.pl\/2025\/wp-json\/wp\/v2\/comments?post=2122"}],"version-history":[{"count":1,"href":"https:\/\/te.cme.org.pl\/2025\/wp-json\/wp\/v2\/pages\/2122\/revisions"}],"predecessor-version":[{"id":2125,"href":"https:\/\/te.cme.org.pl\/2025\/wp-json\/wp\/v2\/pages\/2122\/revisions\/2125"}],"up":[{"embeddable":true,"href":"https:\/\/te.cme.org.pl\/2025\/wp-json\/wp\/v2\/pages\/166"}],"wp:attachment":[{"href":"https:\/\/te.cme.org.pl\/2025\/wp-json\/wp\/v2\/media?parent=2122"}],"curies":[{"name":"wp","href":"https:\/\/api.w.org\/{rel}","templated":true}]}}