{"id":106,"date":"2025-12-08T15:06:36","date_gmt":"2025-12-08T14:06:36","guid":{"rendered":"https:\/\/te.cme.org.pl\/2026\/?page_id=106"},"modified":"2025-12-08T15:06:36","modified_gmt":"2025-12-08T14:06:36","slug":"1-list-modlitewny","status":"publish","type":"page","link":"https:\/\/te.cme.org.pl\/2026\/wspieraj-te\/modl-sie-o-te\/1-list-modlitewny\/","title":{"rendered":"I List Modlitewny TED 2026"},"content":{"rendered":"\n<p class=\"has-text-align-right\">Dzi\u0119giel\u00f3w, 8 grudnia 2025 roku<\/p>\n\n\n\n<p><strong>Drodzy Modliciele,<br>Siostry i Bracia,<br>Kochani Przyjaciele!<\/strong><\/p>\n\n\n\n<p>Ciesz\u0119 si\u0119, \u017ce mog\u0119 przes\u0142a\u0107 ten list i zaprosi\u0107 na kolejny Tydzie\u0144 Ewangelizacyjny, kt\u00f3ry w przysz\u0142ym roku odb\u0119dzie si\u0119 w dniach 5\u201312 lipca pod has\u0142em:<\/p>\n\n\n\n<figure class=\"wp-block-pullquote is-style-default has-accent-1-color has-text-color has-link-color has-candal-font-family wp-elements-388c18505820fa6f09b46b7803614da7\"><blockquote><p>Czas na nowe<\/p><\/blockquote><\/figure>\n\n\n\n<p>na podstawie has\u0142a biblijnego: \u201eI rzek\u0142 Ten, kt\u00f3ry siedzia\u0142 na tronie: Oto wszystko nowym czyni\u0119 (\u2026)\u201d. Obj 21,5.<\/p>\n\n\n\n<p>Has\u0142o to niesie pe\u0142ne nadziei przes\u0142anie szczeg\u00f3lnie dla tych, kt\u00f3rzy potrzebuj\u0105 odnowy lub pragn\u0105 ca\u0142kowicie nowego \u017cycia, nowej perspektywy na \u015bwiat, nowych si\u0142. Tematyka kolejnych dni TED 2026, kt\u00f3r\u0105 przygotowa\u0142a Grupa Programowa, poprowadzi nas przez proces oparty o osiem nowo\u015bci, kt\u00f3rych B\u00f3g pragnie dla ludzi. Proces ten to zaproszenie do odnowy, kt\u00f3re kierujemy zar\u00f3wno<\/p>\n\n\n\n<ul class=\"wp-block-list\">\n<li>do tych, kt\u00f3rzy swoje \u017cycie z Bogiem mierz\u0105 w latach,<\/li>\n\n\n\n<li>jak i do tych, dla kt\u00f3rych B\u00f3g mo\u017ce sta\u0107 si\u0119 \u201ePierwsz\u0105 Nowo\u015bci\u0105\u201d.<\/li>\n<\/ul>\n\n\n\n<p>Zapraszamy r\u00f3wnie\u017c do s\u0142uchania wybranych seminari\u00f3w z TED 2025. Obecnie dost\u0119pne jest pierwsze nagranie ks. dra Grzegorza Olka &#8211; <em>\u201eNie tylko emocje, nie tylko tre\u015b\u0107 \u2013 o s\u0142uchaniu, wierzeniu i wyznawaniu\u201d<\/em>. Nagrania dost\u0119pne s\u0105 na <a href=\"https:\/\/youtu.be\/T3pGEECrG6Y?si=-3PCxcXsOkkPBR2C\" data-type=\"link\" data-id=\"https:\/\/youtu.be\/T3pGEECrG6Y?si=-3PCxcXsOkkPBR2C\" target=\"_blank\" rel=\"noreferrer noopener\">YouTube<\/a>, <a href=\"https:\/\/open.spotify.com\/show\/0vxecJNJP7gAqDFqfNL8bi?si=49952a5af8654eb2\" data-type=\"link\" data-id=\"https:\/\/open.spotify.com\/show\/0vxecJNJP7gAqDFqfNL8bi?si=49952a5af8654eb2\" target=\"_blank\" rel=\"noreferrer noopener\">Spotify<\/a> i <a href=\"https:\/\/podcasts.apple.com\/pl\/podcast\/sprawdzam-tydzie%C5%84-ewangelizacyjny-dzi%C4%99giel%C3%B3w-2025\/id1855542816?l=pl\" data-type=\"link\" data-id=\"https:\/\/podcasts.apple.com\/pl\/podcast\/sprawdzam-tydzie%C5%84-ewangelizacyjny-dzi%C4%99giel%C3%B3w-2025\/id1855542816?l=pl\" target=\"_blank\" rel=\"noreferrer noopener\">Apple Podcast<\/a>.<\/p>\n\n\n\n<p>Kolejne informacje b\u0119d\u0105 pojawia\u0107 si\u0119 na stronie <a href=\"https:\/\/te.cme.org.pl\" data-type=\"link\" data-id=\"https:\/\/te.cme.org.pl\">te.cme.org.pl<\/a>. Zapraszamy do jej odwiedzania.<\/p>\n\n\n\n<h2 class=\"wp-block-heading\">Modlitwa<\/h2>\n\n\n\n<p>Zapraszamy te\u017c do wsp\u00f3lnej modlitwy. Z wdzi\u0119czno\u015bci\u0105 przychodzimy do Boga,<\/p>\n\n\n\n<h3 class=\"wp-block-heading\">dzi\u0119kuj\u0105c:<\/h3>\n\n\n\n<ul class=\"wp-block-list is-style-tw-checkmark\">\n<li>za to, \u017ce On sam jest \u017ar\u00f3d\u0142em wszelkiej odnowy, kt\u00f3rej tak bardzo potrzebujemy;<\/li>\n\n\n\n<li>za pewne Bo\u017ce obietnice dotycz\u0105ce naszego ostatecznego losu \u2013 \u017cycia w wieczno\u015bci z Nim;<\/li>\n\n\n\n<li>za mo\u017cliwo\u015b\u0107 organizowania TED 2026 w wolno\u015bci i pokoju;<\/li>\n\n\n\n<li>za zaanga\u017cowanie Grupy Programowej, kt\u00f3ra z oddaniem przygotowa\u0142a tematyk\u0119 tegorocznego Tygodnia;<\/li>\n\n\n\n<li>za ka\u017cd\u0105 osob\u0119, kt\u00f3ra niesie TED w swojej codziennej modlitwie;<\/li>\n\n\n\n<li>za to, \u017ce B\u00f3g w poprzednich latach nieustannie prowadzi\u0142 TED, odpowiada\u0142 na modlitwy i zaskakiwa\u0142 swoj\u0105 wierno\u015bci\u0105;<\/li>\n\n\n\n<li>za Bo\u017ce zaopatrzenie, kt\u00f3re obserwujemy ka\u017cdego roku, a kt\u00f3re budzi w nas pe\u0142en zachwytu podziw dla Boga.<\/li>\n<\/ul>\n\n\n\n<h3 class=\"wp-block-heading\">Pro\u015bmy Boga:<\/h3>\n\n\n\n<ul class=\"wp-block-list is-style-tw-arrow\">\n<li>aby TED sta\u0142a si\u0119 dla wielu os\u00f3b realnym do\u015bwiadczeniem Bo\u017cej odnowy;<\/li>\n\n\n\n<li>aby B\u00f3g zaprosi\u0142 \u201eNowych Uczestnik\u00f3w\u201d, kt\u00f3rzy jeszcze Go nie znaj\u0105, i pokaza\u0142, \u017ce jest Nowo\u015bci\u0105, kt\u00f3rej potrzebuj\u0105;<\/li>\n\n\n\n<li>by Duch \u015awi\u0119ty prowadzi\u0142 wszystkie osoby zaanga\u017cowane w tworzenie programu;<\/li>\n\n\n\n<li>o b\u0142ogos\u0142awie\u0144stwo w pracach organizacyjnych \u2013 w decyzjach, spotkaniach, logistyce i planowaniu;<\/li>\n\n\n\n<li>o powo\u0142anie wolontariuszy, kt\u00f3rzy zechc\u0105 s\u0142u\u017cy\u0107 podczas TED 2026;<\/li>\n\n\n\n<li>o tych, kt\u00f3rzy prze\u017cywaj\u0105 trudne momenty \u2013 by do\u015bwiadczyli Bo\u017cej odnowy i pokoju;<\/li>\n\n\n\n<li>by nasz ostateczny cel \u2013 \u017cycie z Bogiem w Nowej Ziemi \u2013 nigdy nie znikn\u0105\u0142 nam z oczu;<\/li>\n\n\n\n<li>o Bo\u017ce prowadzenie w zwiastowaniu i we wszystkich punktach programu;<\/li>\n\n\n\n<li>o zabezpieczenie finansowe TED \u2013 o to, by B\u00f3g pobudzi\u0142 serca darczy\u0144c\u00f3w i zaopatrzy\u0142 ca\u0142e przedsi\u0119wzi\u0119cie we wszystko, co potrzebne.<\/li>\n<\/ul>\n\n\n\n<h2 class=\"wp-block-heading\">Wsparcie TED 2026<\/h2>\n\n\n\n<p>Tydzie\u0144 Ewangelizacyjny jest wydarzeniem mo\u017cliwym wy\u0142\u0105cznie dzi\u0119ki Bo\u017cej \u0142asce i wsparciu ludzi. Dzi\u0119ki hojno\u015bci wielu ludzi <strong>koszty organizacji TED 2025 zosta\u0142y w 100% pokryte!<\/strong> Jeste\u015bmy niezmiernie wdzi\u0119czni Bogu za Jego zaopatrzenie, a ludziom za finansowe wsp\u00f3\u0142organizowanie TED.<\/p>\n\n\n\n<p>Je\u015bli rozwa\u017casz wspieranie TED finansowo, jeste\u015bmy za Ciebie wdzi\u0119czni i modlimy si\u0119 o Ciebie.<\/p>\n\n\n\n<p><strong>Szczeg\u00f3lnie zach\u0119camy do rozwa\u017cenia sta\u0142ego, comiesi\u0119cznego wsparcia<\/strong>. Nawet niewielka, ale regularna kwota daje nam mo\u017cliwo\u015b\u0107 lepszego planowania wydatk\u00f3w zwi\u0105zanych z organizacj\u0105 TED. To cicha, ale niezwykle wa\u017cna forma uczestnictwa w dziele Ewangelii.<\/p>\n\n\n\n<hr class=\"wp-block-separator has-alpha-channel-opacity\"\/>\n\n\n\n<p>CENTRUM MISJI I EWANGELIZACJI KO\u015aCIO\u0141A<br>EWANGELICKO-AUGSBURSKIEGO W RP<\/p>\n\n\n\n<p><strong>Nazwa banku:<\/strong><br>Powszechna Kasa Oszcz\u0119dno\u015bci Bank Polski SA<\/p>\n\n\n\n<p><strong>Kod BIC (Swift):<\/strong> BPKOPLPW<\/p>\n\n\n\n<p><strong>Numer konta:<\/strong> 75 1020 1390 0000 6202 0704 6347<\/p>\n\n\n\n<p><strong>Tytu\u0142em:<\/strong> Darowizna na dzia\u0142alno\u015b\u0107 statutow\u0105 OPP (TED)<\/p>\n\n\n\n<p>Mo\u017cliwe jest r\u00f3wnie\u017c wykonanie przelewu BLIK na numer telefonu: +48 509 398 500<br>Tytu\u0142em: Darowizna na dzia\u0142alno\u015b\u0107 statutow\u0105 OPP (TED)<\/p>\n\n\n\n<hr class=\"wp-block-separator has-alpha-channel-opacity\"\/>\n\n\n\n<p>Bardzo dzi\u0119kuj\u0119 za Twoje modlitwy, hojno\u015b\u0107 i wsparcie!<\/p>\n\n\n\n<p class=\"has-text-align-right\">W imieniu Zespo\u0142u pracuj\u0105cego nad TED<br>ks. Tymoteusz Bujok<\/p>\n\n\n\n<div style=\"height:100px\" aria-hidden=\"true\" class=\"wp-block-spacer\"><\/div>\n\n\n\n<p>Mo\u017cesz pobra\u0107 ten list modlitewny i wydrukowa\u0107 go dla siebie lub swoich przyjaci\u00f3\u0142: <a download=\"\" href=\"https:\/\/te.cme.org.pl\/2026\/wp-content\/uploads\/sites\/3\/2025\/12\/i-list-modlitewny-ted-2026-8-grudnia-2025.pdf\" data-type=\"attachment\" data-id=\"196\">I List modlitewny TED 2026<\/a>.<\/p>\n\n\n\n<p>List modlitewny wysy\u0142amy r\u00f3wnie\u017c mailowo do os\u00f3b kt\u00f3re wyrazi\u0142y na to zgod\u0119. Je\u015bli r\u00f3wnie\u017c chcesz do nich do\u0142\u0105czy\u0107 to wype\u0142nij poni\u017cszy formularz:<\/p>\n\n\n\n<iframe id=\"JotFormIFrame-230612376508050\" style=\"min-width: 100%; max-width: 100%; height: 550px; border: none;\" title=\"List modlitewny TE Dziegiel\u00f3w\" src=\"https:\/\/form.jotform.com\/230612376508050\" frameborder=\"0\" scrolling=\"no\" allowfullscreen=\"allowfullscreen\">\n<\/iframe>\n<script type=\"text\/javascript\">\n    var ifr = document.getElementById(\"JotFormIFrame-230612376508050\");\n    if (ifr) {\n      var src = ifr.src;\n      var iframeParams = [];\n      if (window.location.href && window.location.href.indexOf(\"?\") > -1) {\n        iframeParams = iframeParams.concat(window.location.href.substr(window.location.href.indexOf(\"?\") + 1).split('&'));\n      }\n      if (src && src.indexOf(\"?\") > -1) {\n        iframeParams = iframeParams.concat(src.substr(src.indexOf(\"?\") + 1).split(\"&\"));\n        src = src.substr(0, src.indexOf(\"?\"))\n      }\n      iframeParams.push(\"isIframeEmbed=1\");\n      ifr.src = src + \"?\" + iframeParams.join('&');\n    }\n    window.handleIFrameMessage = function(e) {\n      if (typeof e.data === 'object') { return; }\n      var args = e.data.split(\":\");\n      if (args.length > 2) { iframe = document.getElementById(\"JotFormIFrame-\" + args[(args.length - 1)]); } else { iframe = document.getElementById(\"JotFormIFrame\"); }\n      if (!iframe) { return; }\n      switch (args[0]) {\n        case \"scrollIntoView\":\n          iframe.scrollIntoView();\n          break;\n        case \"setHeight\":\n          iframe.style.height = args[1] + \"px\";\n          if (!isNaN(args[1]) && parseInt(iframe.style.minHeight) > parseInt(args[1])) {\n            iframe.style.minHeight = args[1] + \"px\";\n          }\n          break;\n        case \"collapseErrorPage\":\n          if (iframe.clientHeight > window.innerHeight) {\n            iframe.style.height = window.innerHeight + \"px\";\n          }\n          break;\n        case \"reloadPage\":\n          window.location.reload();\n          break;\n        case \"loadScript\":\n          if( !window.isPermitted(e.origin, ['jotform.com', 'jotform.pro']) ) { break; }\n          var src = args[1];\n          if (args.length > 3) {\n              src = args[1] + ':' + args[2];\n          }\n          var script = document.createElement('script');\n          script.src = src;\n          script.type = 'text\/javascript';\n          document.body.appendChild(script);\n          break;\n        case \"exitFullscreen\":\n          if      (window.document.exitFullscreen)        window.document.exitFullscreen();\n          else if (window.document.mozCancelFullScreen)   window.document.mozCancelFullScreen();\n          else if (window.document.mozCancelFullscreen)   window.document.mozCancelFullScreen();\n          else if (window.document.webkitExitFullscreen)  window.document.webkitExitFullscreen();\n          else if (window.document.msExitFullscreen)      window.document.msExitFullscreen();\n          break;\n      }\n      var isJotForm = (e.origin.indexOf(\"jotform\") > -1) ? true : false;\n      if(isJotForm && \"contentWindow\" in iframe && \"postMessage\" in iframe.contentWindow) {\n        var urls = {\"docurl\":encodeURIComponent(document.URL),\"referrer\":encodeURIComponent(document.referrer)};\n        iframe.contentWindow.postMessage(JSON.stringify({\"type\":\"urls\",\"value\":urls}), \"*\");\n      }\n    };\n    window.isPermitted = function(originUrl, whitelisted_domains) {\n      var url = document.createElement('a');\n      url.href = originUrl;\n      var hostname = url.hostname;\n      var result = false;\n      if( typeof hostname !== 'undefined' ) {\n        whitelisted_domains.forEach(function(element) {\n            if( hostname.slice((-1 * element.length - 1)) === '.'.concat(element) ||  hostname === element ) {\n                result = true;\n            }\n        });\n        return result;\n      }\n    };\n    if (window.addEventListener) {\n      window.addEventListener(\"message\", handleIFrameMessage, false);\n    } else if (window.attachEvent) {\n      window.attachEvent(\"onmessage\", handleIFrameMessage);\n    }\n    <\/script>\n","protected":false},"excerpt":{"rendered":"<p>Dzi\u0119giel\u00f3w, 8 grudnia 2025 roku Drodzy Modliciele,Siostry i Bracia,Kochani Przyjaciele! Ciesz\u0119 si\u0119, \u017ce mog\u0119 przes\u0142a\u0107 ten list i zaprosi\u0107 na kolejny Tydzie\u0144 Ewangelizacyjny, kt\u00f3ry w przysz\u0142ym roku odb\u0119dzie si\u0119 w dniach 5\u201312 lipca pod has\u0142em: Czas na nowe na podstawie has\u0142a biblijnego: \u201eI rzek\u0142 Ten, kt\u00f3ry siedzia\u0142 na tronie: Oto wszystko nowym czyni\u0119 (\u2026)\u201d. Obj [&hellip;]<\/p>\n","protected":false},"author":1,"featured_media":0,"parent":55,"menu_order":0,"comment_status":"closed","ping_status":"closed","template":"wp-custom-template-wspieraj-te","meta":{"footnotes":""},"class_list":["post-106","page","type-page","status-publish","hentry"],"_links":{"self":[{"href":"https:\/\/te.cme.org.pl\/2026\/wp-json\/wp\/v2\/pages\/106","targetHints":{"allow":["GET"]}}],"collection":[{"href":"https:\/\/te.cme.org.pl\/2026\/wp-json\/wp\/v2\/pages"}],"about":[{"href":"https:\/\/te.cme.org.pl\/2026\/wp-json\/wp\/v2\/types\/page"}],"author":[{"embeddable":true,"href":"https:\/\/te.cme.org.pl\/2026\/wp-json\/wp\/v2\/users\/1"}],"replies":[{"embeddable":true,"href":"https:\/\/te.cme.org.pl\/2026\/wp-json\/wp\/v2\/comments?post=106"}],"version-history":[{"count":3,"href":"https:\/\/te.cme.org.pl\/2026\/wp-json\/wp\/v2\/pages\/106\/revisions"}],"predecessor-version":[{"id":217,"href":"https:\/\/te.cme.org.pl\/2026\/wp-json\/wp\/v2\/pages\/106\/revisions\/217"}],"up":[{"embeddable":true,"href":"https:\/\/te.cme.org.pl\/2026\/wp-json\/wp\/v2\/pages\/55"}],"wp:attachment":[{"href":"https:\/\/te.cme.org.pl\/2026\/wp-json\/wp\/v2\/media?parent=106"}],"curies":[{"name":"wp","href":"https:\/\/api.w.org\/{rel}","templated":true}]}}