{"id":11,"date":"2025-11-25T12:58:16","date_gmt":"2025-11-25T11:58:16","guid":{"rendered":"https:\/\/te.cme.org.pl\/2026\/?page_id=11"},"modified":"2025-12-19T12:36:33","modified_gmt":"2025-12-19T11:36:33","slug":"strona-glowna","status":"publish","type":"page","link":"https:\/\/te.cme.org.pl\/2026\/","title":{"rendered":"Strona g\u0142\u00f3wna"},"content":{"rendered":"\n<section class=\"wp-block-group alignfull has-base-2-background-color has-background has-global-padding is-layout-constrained wp-container-core-group-is-layout-669513ed wp-block-group-is-layout-constrained\" style=\"margin-top:0;margin-bottom:0;padding-top:var(--wp--preset--spacing--50);padding-right:var(--wp--preset--spacing--50);padding-bottom:var(--wp--preset--spacing--50);padding-left:var(--wp--preset--spacing--50)\">\n<div class=\"wp-block-group is-layout-flow wp-block-group-is-layout-flow\">\n<h2 class=\"wp-block-heading\">Czas na nowe<\/h2>\n\n\n\n<p>na podstawie has\u0142a biblijnego:<\/p>\n\n\n\n<figure class=\"wp-block-pullquote is-style-default has-x-large-font-size\"><blockquote><p><em>I rzek\u0142 Ten, kt\u00f3ry siedzia\u0142 na tronie: <\/em><br><em>Oto wszystko nowym czyni\u0119\u00a0(\u2026)<\/em><\/p><cite>Obj 21,5<\/cite><\/blockquote><\/figure>\n\n\n\n<p>Has\u0142o to niesie pe\u0142ne nadziei przes\u0142anie szczeg\u00f3lnie dla tych, kt\u00f3rzy potrzebuj\u0105 odnowy lub pragn\u0105 ca\u0142kowicie nowego \u017cycia, nowej perspektywy na \u015bwiat, nowych si\u0142. Tematyka kolejnych dni TED 2026, poprowadzi nas przez proces oparty o osiem nowo\u015bci, kt\u00f3rych B\u00f3g pragnie dla ludzi. Proces ten, to zaproszenie do odnowy, kt\u00f3re kierujemy zar\u00f3wno<\/p>\n\n\n\n<ul class=\"wp-block-list\">\n<li>do tych, kt\u00f3rzy swoje \u017cycie z Bogiem mierz\u0105 w latach,<\/li>\n\n\n\n<li>jak i do tych, dla kt\u00f3rych B\u00f3g mo\u017ce sta\u0107 si\u0119 \u201ePierwsz\u0105 Nowo\u015bci\u0105\u201d.<\/li>\n<\/ul>\n<\/div>\n<\/section>\n\n\n\n<section class=\"wp-block-group alignfull has-accent-3-background-color has-background has-global-padding is-layout-constrained wp-container-core-group-is-layout-669513ed wp-block-group-is-layout-constrained\" id=\"o-tygodniu\" style=\"margin-top:0;margin-bottom:0;padding-top:var(--wp--preset--spacing--50);padding-right:var(--wp--preset--spacing--50);padding-bottom:var(--wp--preset--spacing--50);padding-left:var(--wp--preset--spacing--50)\">\n<div class=\"wp-block-group alignwide is-vertical is-content-justification-center is-layout-flex wp-container-core-group-is-layout-1e9517de wp-block-group-is-layout-flex\" style=\"border-bottom-color:var(--wp--preset--color--accent-2);border-bottom-style:solid;border-bottom-width:8px;margin-top:0;margin-bottom:var(--wp--preset--spacing--50)\">\n<h2 class=\"wp-block-heading has-text-align-center has-xx-large-font-size\" style=\"margin-bottom:-8px\">O Tygodniu<\/h2>\n<\/div>\n\n\n\n<div class=\"wp-block-group alignwide is-layout-flow wp-block-group-is-layout-flow\">\n<div data-wp-interactive=\"query-filter\" data-wp-router-region=\"query-3\" class=\"wp-block-query is-layout-flow wp-block-query-is-layout-flow\"><ul class=\"wp-block-post-template is-layout-flow wp-block-post-template-is-layout-flow\"><li class=\"wp-block-post post-31 page type-page status-publish hentry\">\n<div class=\"entry-content wp-block-post-content is-layout-flow wp-block-post-content-is-layout-flow\">\n<div class=\"wp-block-cover alignwide is-light tw-sm-hidden\" style=\"min-height:360px;aspect-ratio:unset;\"><img loading=\"lazy\" decoding=\"async\" width=\"1080\" height=\"360\" sizes=\"auto, (max-width: 799px) 200vw, (max-width: 1080px) 100vw, 1080px\" class=\"wp-block-cover__image-background wp-image-140 size-full\" alt=\"\" src=\"https:\/\/te.cme.org.pl\/2026\/wp-content\/uploads\/sites\/3\/2025\/12\/TE26_O_Tygodniu-poziom.webp\" data-object-fit=\"cover\" srcset=\"https:\/\/te.cme.org.pl\/2026\/wp-content\/uploads\/sites\/3\/2025\/12\/TE26_O_Tygodniu-poziom.webp 1080w, https:\/\/te.cme.org.pl\/2026\/wp-content\/uploads\/sites\/3\/2025\/12\/TE26_O_Tygodniu-poziom-300x100.webp 300w, https:\/\/te.cme.org.pl\/2026\/wp-content\/uploads\/sites\/3\/2025\/12\/TE26_O_Tygodniu-poziom-1024x341.webp 1024w, https:\/\/te.cme.org.pl\/2026\/wp-content\/uploads\/sites\/3\/2025\/12\/TE26_O_Tygodniu-poziom-768x256.webp 768w\" \/><span aria-hidden=\"true\" class=\"wp-block-cover__background has-background-dim-0 has-background-dim\"><\/span><div class=\"wp-block-cover__inner-container has-global-padding is-layout-constrained wp-block-cover-is-layout-constrained\">\n<p class=\"has-text-align-center has-large-font-size\"><\/p>\n<\/div><\/div>\n\n\n\n<figure class=\"wp-block-image size-full tw-lg-hidden tw-md-hidden\"><img loading=\"lazy\" decoding=\"async\" width=\"685\" height=\"456\" src=\"https:\/\/te.cme.org.pl\/2026\/wp-content\/uploads\/sites\/3\/2025\/12\/TE26_O_Tygodniu-tel.webp\" alt=\"\" class=\"wp-image-141\" srcset=\"https:\/\/te.cme.org.pl\/2026\/wp-content\/uploads\/sites\/3\/2025\/12\/TE26_O_Tygodniu-tel.webp 685w, https:\/\/te.cme.org.pl\/2026\/wp-content\/uploads\/sites\/3\/2025\/12\/TE26_O_Tygodniu-tel-300x200.webp 300w\" sizes=\"auto, (max-width: 685px) 100vw, 685px\" \/><\/figure>\n\n\n\n<div class=\"wp-block-group has-global-padding is-layout-constrained wp-block-group-is-layout-constrained\">\n<p>Zapraszamy dzieci, m\u0142odzie\u017c i&nbsp;doros\u0142ych do udzia\u0142u w&nbsp;Tygodniu Ewange\u00adli\u00adza\u00adcyjnym w&nbsp;Dzi\u0119gielowie.<\/p>\n\n\n\n<h3 class=\"wp-block-heading\">Program Tygodnia Ewangelizacyjnego to\u00a0m.in.:<\/h3>\n\n\n\n<ul class=\"wp-block-list\">\n<li>Spotkania ewangelizacyjne dla m\u0142odzie\u017cy i\u00a0doros\u0142ych oraz dla dzieci w\u00a0dw\u00f3ch grupach wiekowych<\/li>\n\n\n\n<li>Wyk\u0142ad biblijny dla m\u0142odzie\u017cy i\u00a0doros\u0142ych<\/li>\n\n\n\n<li>Seminaria (tematyka biblijna, kulturowa, spo\u0142eczna, psychologiczna i\u00a0rodzinna)<\/li>\n\n\n\n<li>Koncerty<\/li>\n\n\n\n<li>Pomoc duszpasterska i\u00a0poradnicza<\/li>\n\n\n\n<li>Czas na odpoczynek, rozmowy, wyciszenie i\u00a0rozw\u00f3j<\/li>\n<\/ul>\n<\/div>\n<\/div>\n<\/li><\/ul><\/div>\n<\/div>\n<\/section>\n\n\n\n<section class=\"wp-block-group alignfull has-global-padding is-layout-constrained wp-container-core-group-is-layout-669513ed wp-block-group-is-layout-constrained\" id=\"wspieraj-te\" style=\"margin-top:0;margin-bottom:0;padding-top:var(--wp--preset--spacing--50);padding-right:var(--wp--preset--spacing--50);padding-bottom:var(--wp--preset--spacing--50);padding-left:var(--wp--preset--spacing--50)\">\n<div class=\"wp-block-group alignwide is-vertical is-content-justification-center is-layout-flex wp-container-core-group-is-layout-1e9517de wp-block-group-is-layout-flex\" style=\"border-bottom-color:var(--wp--preset--color--accent-2);border-bottom-style:solid;border-bottom-width:8px;margin-top:0;margin-bottom:var(--wp--preset--spacing--50)\">\n<h2 class=\"wp-block-heading has-text-align-center has-xx-large-font-size\" style=\"margin-bottom:-8px\">Wspieraj TE<\/h2>\n<\/div>\n\n\n\n<div class=\"wp-block-group alignwide is-layout-flow wp-block-group-is-layout-flow\">\n<div data-wp-interactive=\"query-filter\" data-wp-router-region=\"query-3\" class=\"wp-block-query is-layout-flow wp-block-query-is-layout-flow\"><ul class=\"wp-block-post-template is-layout-flow wp-block-post-template-is-layout-flow\"><li class=\"wp-block-post post-39 page type-page status-publish hentry\">\n<div class=\"entry-content wp-block-post-content is-layout-flow wp-block-post-content-is-layout-flow\">\n<h3 class=\"wp-block-heading\">Mo\u017cesz finansowo wesprze\u0107 TE<\/h3>\n\n\n\n<p>Tydzie\u0144 Ewangelizacyjny jest wydarzeniem mo\u017cliwym wy\u0142\u0105cznie dzi\u0119ki Bo\u017cej \u0142asce i&nbsp;wsparciu ludzi. Dzi\u0119ki hojno\u015bci wielu ludzi <strong>koszty organizacji TED&nbsp;2025 zosta\u0142y w&nbsp;100% pokryte!<\/strong> Jeste\u015bmy niezmiernie wdzi\u0119czni Bogu za Jego zaopatrzenie, a&nbsp;ludziom za finansowe wsp\u00f3\u0142organizowanie TED.<\/p>\n\n\n\n<p>Je\u015bli rozwa\u017casz wspieranie TED finansowo, jeste\u015bmy za Ciebie wdzi\u0119czni i&nbsp;modlimy si\u0119 o&nbsp;Ciebie.<\/p>\n\n\n\n<p><strong>Szczeg\u00f3lnie zach\u0119camy do rozwa\u017cenia sta\u0142ego, comiesi\u0119cznego wsparcia<\/strong>. Nawet niewielka, ale regularna kwota daje nam mo\u017cliwo\u015b\u0107 lepszego planowania wydatk\u00f3w zwi\u0105zanych z&nbsp;organizacj\u0105 TED. To cicha, ale niezwykle wa\u017cna forma uczestnictwa w&nbsp;dziele Ewangelii.<\/p>\n\n\n\n<p>Mo\u017cesz wspom\u00f3c to dzie\u0142o:<\/p>\n\n\n\n<ul class=\"wp-block-list\">\n<li><a href=\"https:\/\/cme.org.pl\/wspieraj-nas\/zrob-przelew-przez-payu\/\" target=\"_blank\" rel=\"noreferrer noopener\">przelewem przez <strong>PayU<\/strong><\/a><\/li>\n\n\n\n<li><a href=\"https:\/\/cme.org.pl\/wspieraj-nas\/zrob-przelew-na-telefon-blik\/\" data-type=\"link\" data-id=\"https:\/\/cme.org.pl\/wspieraj-nas\/zrob-przelew-na-telefon-blik\/\" target=\"_blank\" rel=\"noreferrer noopener\"><strong>BLIK<\/strong>iem na numer:&nbsp;<strong>509 398 500<\/strong><\/a><\/li>\n\n\n\n<li>przelewem tradycyjnym na konto:<br><br>Powszechna Kasa Oszcz\u0119dno\u015bci Bank Polski SA<br>Kod BIC (Swift): BPKOPLPW<br>Numer konta: <strong>75 1020 1390 0000 6202 0704 6347<\/strong><br>Tytu\u0142em: Darowizna na dzia\u0142alno\u015b\u0107 statutow\u0105 OPP (TED)<br><br>Tak opisan\u0105 darowizn\u0119 mo\u017cesz odliczy\u0107 w rocznym zeznaniu podatkowym.<\/li>\n<\/ul>\n\n\n\n<p>Dzi\u0119kujemy za ka\u017cdy dar!<br>W razie pyta\u0144, prosimy o kontakt na <a href=\"mailto:sylwia.chmiel@cme.org.pl\" data-type=\"mailto\" data-id=\"mailto:sylwia.chmiel@cme.org.pl\">sylwia.chmiel@cme.org.pl<\/a>.<\/p>\n<\/div>\n<\/li><\/ul><\/div>\n<\/div>\n<\/section>\n\n\n\n<section class=\"wp-block-group alignfull has-accent-3-background-color has-background has-global-padding is-layout-constrained wp-container-core-group-is-layout-669513ed wp-block-group-is-layout-constrained\" id=\"kontakt\" style=\"margin-top:0;margin-bottom:0;padding-top:var(--wp--preset--spacing--50);padding-right:var(--wp--preset--spacing--50);padding-bottom:var(--wp--preset--spacing--50);padding-left:var(--wp--preset--spacing--50)\">\n<div class=\"wp-block-group alignwide is-vertical is-content-justification-center is-layout-flex wp-container-core-group-is-layout-1e9517de wp-block-group-is-layout-flex\" style=\"border-bottom-color:var(--wp--preset--color--accent-2);border-bottom-style:solid;border-bottom-width:8px;margin-top:0;margin-bottom:var(--wp--preset--spacing--50)\">\n<h2 class=\"wp-block-heading has-text-align-center has-xx-large-font-size\" style=\"margin-bottom:-8px\">Kontakt<\/h2>\n<\/div>\n\n\n\n<div class=\"wp-block-group alignwide has-global-padding is-layout-constrained wp-block-group-is-layout-constrained\">\n<div data-wp-interactive=\"query-filter\" data-wp-router-region=\"query-3\" class=\"wp-block-query is-layout-flow wp-block-query-is-layout-flow\"><ul class=\"wp-block-post-template is-layout-flow wp-block-post-template-is-layout-flow\"><li class=\"wp-block-post post-44 page type-page status-publish hentry\">\n<div class=\"entry-content wp-block-post-content is-layout-flow wp-block-post-content-is-layout-flow\">\n<p><strong>Centrum Misji i Ewangelizacji<br>Ko\u015bcio\u0142a Ewangelicko-Augsburskiego w RP<\/strong><\/p>\n\n\n\n<p style=\"margin-top:0;margin-bottom:0\">ul. Misyjna 8, 43-445 Dzi\u0119giel\u00f3w<\/p>\n\n\n\n<p>Je\u015bli chcesz podzieli\u0107 si\u0119 swoj\u0105 opini\u0105 na temat TE, zapyta\u0107 o szczeg\u00f3\u0142y, dowiedzie\u0107 si\u0119 co, gdzie i kiedy \u2013 prosimy, napisz do nas. Odpowiadamy na ka\u017cdego maila.<\/p>\n\n\n\n<p class=\"has-large-font-size\"><strong>Sylwia Chmiel<\/strong><\/p>\n\n\n\n<p style=\"margin-top:0;margin-bottom:0\">koordynator Tygodnia Ewangelizacyjnego<\/p>\n\n\n\n<p><a href=\"mailto:sylwia.chmiel@cme.org.pl\">sylwia.chmiel@cme.org.pl<\/a><br><a href=\"tel:48519048504\">+48 519 048 504<\/a><\/p>\n\n\n\n<p>Zach\u0119camy do kontaktu!<\/p>\n<\/div>\n<\/li><\/ul><\/div>\n<\/div>\n<\/section>\n\n\n\n<div class=\"wp-block-cover alignfull is-light\" style=\"margin-top:0;margin-bottom:0\"><img loading=\"lazy\" decoding=\"async\" width=\"2560\" height=\"853\" sizes=\"auto, (max-width: 799px) 200vw, (max-width: 2560px) 100vw, 2560px\" class=\"wp-block-cover__image-background wp-image-97 size-full\" alt=\"\" src=\"https:\/\/te.cme.org.pl\/2026\/wp-content\/uploads\/sites\/3\/2025\/12\/TE26_stopka-scaled.webp\" data-object-fit=\"cover\" srcset=\"https:\/\/te.cme.org.pl\/2026\/wp-content\/uploads\/sites\/3\/2025\/12\/TE26_stopka-scaled.webp 2560w, https:\/\/te.cme.org.pl\/2026\/wp-content\/uploads\/sites\/3\/2025\/12\/TE26_stopka-300x100.webp 300w, https:\/\/te.cme.org.pl\/2026\/wp-content\/uploads\/sites\/3\/2025\/12\/TE26_stopka-1024x341.webp 1024w, https:\/\/te.cme.org.pl\/2026\/wp-content\/uploads\/sites\/3\/2025\/12\/TE26_stopka-768x256.webp 768w, https:\/\/te.cme.org.pl\/2026\/wp-content\/uploads\/sites\/3\/2025\/12\/TE26_stopka-1536x512.webp 1536w, https:\/\/te.cme.org.pl\/2026\/wp-content\/uploads\/sites\/3\/2025\/12\/TE26_stopka-2048x683.webp 2048w, https:\/\/te.cme.org.pl\/2026\/wp-content\/uploads\/sites\/3\/2025\/12\/TE26_stopka-1200x400.webp 1200w\" \/><span aria-hidden=\"true\" class=\"wp-block-cover__background has-base-background-color has-background-dim-0 has-background-dim\"><\/span><div class=\"wp-block-cover__inner-container has-global-padding is-layout-constrained wp-block-cover-is-layout-constrained\">\n<p class=\"has-text-align-center has-large-font-size\"><\/p>\n<\/div><\/div>\n","protected":false},"excerpt":{"rendered":"<p>Zapraszamy dzieci, m\u0142odzie\u017c i doros\u0142ych do udzia\u0142u w Tygodniu Ewangelizacyjnym w Dzi\u0119gielowie. W programie spotkania ewangelizacyjne, seminaria, koncerty, pomoc duszpasterska i poradnicza, a tak\u017ce czas na odpoczynek, rozmowy, wyciszenie i rozw\u00f3j.<\/p>\n","protected":false},"author":1,"featured_media":87,"parent":0,"menu_order":0,"comment_status":"closed","ping_status":"closed","template":"","meta":{"footnotes":""},"class_list":["post-11","page","type-page","status-publish","has-post-thumbnail","hentry"],"_links":{"self":[{"href":"https:\/\/te.cme.org.pl\/2026\/wp-json\/wp\/v2\/pages\/11","targetHints":{"allow":["GET"]}}],"collection":[{"href":"https:\/\/te.cme.org.pl\/2026\/wp-json\/wp\/v2\/pages"}],"about":[{"href":"https:\/\/te.cme.org.pl\/2026\/wp-json\/wp\/v2\/types\/page"}],"author":[{"embeddable":true,"href":"https:\/\/te.cme.org.pl\/2026\/wp-json\/wp\/v2\/users\/1"}],"replies":[{"embeddable":true,"href":"https:\/\/te.cme.org.pl\/2026\/wp-json\/wp\/v2\/comments?post=11"}],"version-history":[{"count":9,"href":"https:\/\/te.cme.org.pl\/2026\/wp-json\/wp\/v2\/pages\/11\/revisions"}],"predecessor-version":[{"id":138,"href":"https:\/\/te.cme.org.pl\/2026\/wp-json\/wp\/v2\/pages\/11\/revisions\/138"}],"wp:featuredmedia":[{"embeddable":true,"href":"https:\/\/te.cme.org.pl\/2026\/wp-json\/wp\/v2\/media\/87"}],"wp:attachment":[{"href":"https:\/\/te.cme.org.pl\/2026\/wp-json\/wp\/v2\/media?parent=11"}],"curies":[{"name":"wp","href":"https:\/\/api.w.org\/{rel}","templated":true}]}}