{"id":215,"date":"2026-03-13T08:44:54","date_gmt":"2026-03-13T07:44:54","guid":{"rendered":"https:\/\/te.cme.org.pl\/2026\/?page_id=215"},"modified":"2026-03-13T08:46:53","modified_gmt":"2026-03-13T07:46:53","slug":"2-list-modlitewny","status":"publish","type":"page","link":"https:\/\/te.cme.org.pl\/2026\/wspieraj-te\/modl-sie-o-te\/2-list-modlitewny\/","title":{"rendered":"II List Modlitewny TED 2026"},"content":{"rendered":"\n<p class=\"has-text-align-right\">Dzi\u0119giel\u00f3w, 12 marca 2026 roku<\/p>\n\n\n\n<p><strong>Drodzy Modliciele,<br>Siostry i Bracia,<br>Kochani Przyjaciele!<\/strong><\/p>\n\n\n\n<p>Przesy\u0142am II\u00a0list modlitewny dotycz\u0105cy Tygodnia Ewangelizacyjnego w\u00a0Dzi\u0119gielowie.<\/p>\n\n\n\n<p>W\u00a0tym roku Tydzie\u0144 Ewangelizacyjny odb\u0119dzie si\u0119 ju\u017c po raz 77, a\u00a0spotkamy si\u0119 w\u00a0dniach 5\u201312 lipca. Tematyka wydarzenia zwi\u0105zana jest z\u00a0has\u0142em biblijnym roku: \u201eI\u00a0rzek\u0142 Ten, kt\u00f3ry siedzia\u0142 na tronie: Oto wszystko nowym czyni\u0119 (\u2026)\u201d (Obj 21,5) i\u00a0streszcza si\u0119 w\u00a0ha\u015ble: CZAS NA NOWE.<\/p>\n\n\n\n<p>Obecnie trwa rekrutacja wolontariuszy, kt\u00f3r\u0105 szczeg\u00f3lnie polecamy jako temat do modlitwy. Jeste\u015bmy bardzo wdzi\u0119czni, \u017ce wolontariusze ka\u017cdego roku wsp\u00f3\u0142tworz\u0105 TED i\u00a0umo\u017cliwiaj\u0105 udzia\u0142 w programie wielu uczestnikom. Chcemy, aby Tydzie\u0144 Ewangelizacyjny by\u0142 nie tylko miejscem ich pracy, za kt\u00f3r\u0105 dzi\u0119kujemy, ale r\u00f3wnie\u017c przestrzeni\u0105, w\u00a0kt\u00f3rej sami b\u0119d\u0105 mogli do\u015bwiadcza\u0107 Bo\u017cego dzia\u0142ania.<\/p>\n\n\n\n<p>Wszystkie informacje dotycz\u0105ce rekrutacji wolontariuszy mo\u017cna znale\u017a\u0107 na stronie Tygodnia Ewangelizacyjnego, w\u00a0zak\u0142adce <a href=\"https:\/\/te.cme.org.pl\/2026\/wolontariat\/\" data-type=\"page\" data-id=\"150\">Wolontariat<\/a>.<\/p>\n\n\n\n<p>Kompletujemy r\u00f3wnie\u017c opisy poszczeg\u00f3lnych punkt\u00f3w programu, biogramy i\u00a0zdj\u0119cia m\u00f3wc\u00f3w, tak aby po \u015bwi\u0119tach Wielkanocnych m\u00f3c podzieli\u0107 si\u0119 z\u00a0Wami przygotowanym programem. Kolejne informacje b\u0119d\u0105 pojawia\u0107 si\u0119 na stronie <a href=\"https:\/\/te.cme.org.pl\/\" data-type=\"page\" data-id=\"11\">te.cme.org.pl<\/a>. Zapraszamy do jej odwiedzania.<\/p>\n\n\n\n<p>Nasz B\u00f3g jest wieczny, ale to nie oznacza, \u017ce jest staro\u015bwiecki, przebrzmia\u0142y lub nieprzystaj\u0105cy do rzeczywisto\u015bci. Przeciwnie \u2014 jest dawc\u0105 nowo\u015bci, kt\u00f3ra mo\u017ce sta\u0107 si\u0119 cz\u0119\u015bci\u0105 naszego \u017cycia. Zapraszam do modlitwy o to, by TED sta\u0142 si\u0119 miejscem Bo\u017cego odnowienia.<\/p>\n\n\n\n<p>Zapraszamy r\u00f3wnie\u017c do s\u0142uchania wybranych seminari\u00f3w z\u00a0TED 2025. Nagrania dost\u0119pne s\u0105 na <a href=\"https:\/\/youtube.com\/playlist?list=PLJJD8DGC7I1lE4KRP8Jp-zulzzrvxWlPK&amp;si=5kwGpRmkoCP4Z5z1\" target=\"_blank\" rel=\"noreferrer noopener\">YouTube<\/a>, <a href=\"https:\/\/open.spotify.com\/show\/0vxecJNJP7gAqDFqfNL8bi?si=8928631026d343ec\" target=\"_blank\" rel=\"noreferrer noopener\">Spotify<\/a> i\u00a0<a href=\"https:\/\/podcasts.apple.com\/pl\/podcast\/sprawdzam-tydzie%C5%84-ewangelizacyjny-dzi%C4%99giel%C3%B3w-2025\/id1855542816?l=pl\" target=\"_blank\" rel=\"noreferrer noopener\">Apple Podcast<\/a>.<\/p>\n\n\n\n<h2 class=\"wp-block-heading\">Dzi\u0119kujemy Bogu:<\/h2>\n\n\n\n<ul class=\"wp-block-list is-style-tw-checkmark\">\n<li>za to, \u017ce jest wieczny, niezmienny i\u00a0niesko\u0144czenie m\u0105dry;<\/li>\n\n\n\n<li>za to, \u017ce Bo\u017ca \u0142aska odnawia nas na wielu poziomach naszego \u017cycia;<\/li>\n\n\n\n<li>za to, \u017ce ka\u017cdego roku mo\u017cemy liczy\u0107 na wolontariuszy \u2014 zar\u00f3wno tych, z\u00a0kt\u00f3rymi wsp\u00f3\u0142pracujemy ju\u017c od lat, jak i\u00a0tych nowych;<\/li>\n\n\n\n<li>za spo\u0142eczno\u015b\u0107 modlitewn\u0105, w\u00a0kt\u00f3rej mo\u017cemy wsp\u00f3lnie przynosi\u0107 Bogu sprawy zwi\u0105zane z\u00a0TED.<\/li>\n<\/ul>\n\n\n\n<h2 class=\"wp-block-heading\">Pro\u015bmy Boga:<\/h2>\n\n\n\n<ul class=\"wp-block-list is-style-tw-arrow\">\n<li>aby osoby mierz\u0105ce si\u0119 z\u00a0trudno\u015bciami i\u00a0problemami mog\u0142y przez TED do\u015bwiadczy\u0107 od\u015bwie\u017caj\u0105cego dzia\u0142ania Ducha \u015awi\u0119tego i\u00a0zobaczy\u0107 nowe rozwi\u0105zania dla swojego \u017cycia;<\/li>\n\n\n\n<li>aby przez zwiastowane S\u0142owo B\u00f3g odnawia\u0142 naszego wewn\u0119trznego cz\u0142owieka i\u00a0upodabnia\u0142 nas do Jezusa Chrystusa;<\/li>\n\n\n\n<li>aby zaproszenie do udzia\u0142u w TED dotar\u0142o do tych, kt\u00f3rzy potrzebuj\u0105 us\u0142ysze\u0107 s\u0142owa buduj\u0105ce wiar\u0119;<\/li>\n\n\n\n<li>aby B\u00f3g zaprosi\u0142 na TED nowych uczestnik\u00f3w \u2014 szczeg\u00f3lnie tych, kt\u00f3rzy nie przynale\u017c\u0105 do \u017cadnej wsp\u00f3lnoty \u2014 i\u00a0sprawi\u0142, by znale\u017ali tam ludzi, kt\u00f3rzy otocz\u0105 ich opiek\u0105;<\/li>\n\n\n\n<li>aby powo\u0142a\u0142 wolontariuszy \u2014 zar\u00f3wno nowych, jak i\u00a0tych do\u015bwiadczonych \u2014 kt\u00f3rzy pomog\u0105 w\u00a0organizacji TED;<\/li>\n\n\n\n<li>aby wzmacnia\u0142, b\u0142ogos\u0142awi\u0142, zapewnia\u0142 bezpiecze\u0144stwo i\u00a0si\u0142y wszystkim zaanga\u017cowanym w\u00a0planowanie, przygotowanie i\u00a0realizacj\u0119 Tygodnia;<\/li>\n\n\n\n<li>aby wszyscy zwiastuj\u0105cy byli prowadzeni przez Ducha \u015awi\u0119tego i\u00a0przekazali Dobr\u0105 Wiadomo\u015b\u0107 o\u00a0ratunku w\u00a0Jezusie;<\/li>\n\n\n\n<li>aby B\u00f3g usuwa\u0142 wszelkie przeszkody stoj\u0105ce na drodze Ewangelii.<\/li>\n<\/ul>\n\n\n\n<p>Dzi\u0119kujemy za modlitwy i\u00a0za przekazywanie tego listu kolejnym osobom. Zapraszam r\u00f3wnie\u017c do kontaktu.<\/p>\n\n\n\n<h2 class=\"wp-block-heading\">Wsparcie TED 2026<\/h2>\n\n\n\n<p>Tydzie\u0144 Ewangelizacyjny jest wydarzeniem mo\u017cliwym wy\u0142\u0105cznie dzi\u0119ki Bo\u017cej \u0142asce i wsparciu ludzi. Dzi\u0119ki hojno\u015bci wielu ludzi <strong>koszty organizacji TED 2025 zosta\u0142y w 100% pokryte!<\/strong> Jeste\u015bmy niezmiernie wdzi\u0119czni Bogu za Jego zaopatrzenie, a ludziom za finansowe wsp\u00f3\u0142organizowanie TED.<\/p>\n\n\n\n<p><a href=\"https:\/\/cme.org.pl\/wspieraj-nas\/zrob-przelew-przez-payu\/\" target=\"_blank\" rel=\"noreferrer noopener\">Je\u015bli rozwa\u017casz wspieranie TED finansowo, jeste\u015bmy za Ciebie wdzi\u0119czni i modlimy si\u0119 o Ciebie.<\/a><\/p>\n\n\n\n<p>Szczeg\u00f3lnie zach\u0119camy do rozwa\u017cenia <strong>sta\u0142ego, comiesi\u0119cznego wsparcia<\/strong>. Nawet niewielka, ale regularna kwota daje nam mo\u017cliwo\u015b\u0107 lepszego planowania wydatk\u00f3w zwi\u0105zanych z organizacj\u0105 TED. To cicha, ale niezwykle wa\u017cna forma uczestnictwa w dziele Ewangelii.<\/p>\n\n\n\n<hr class=\"wp-block-separator has-alpha-channel-opacity\"\/>\n\n\n\n<p>CENTRUM MISJI I EWANGELIZACJI KO\u015aCIO\u0141A<br>EWANGELICKO-AUGSBURSKIEGO W RP<\/p>\n\n\n\n<p><strong>Nazwa banku:<\/strong><br>Powszechna Kasa Oszcz\u0119dno\u015bci Bank Polski SA<\/p>\n\n\n\n<p><strong>Kod BIC (Swift):<\/strong> BPKOPLPW<\/p>\n\n\n\n<p><strong>Numer konta:<\/strong> 75 1020 1390 0000 6202 0704 6347<\/p>\n\n\n\n<p><strong>Tytu\u0142em:<\/strong> Darowizna na dzia\u0142alno\u015b\u0107 statutow\u0105 OPP (TED)<\/p>\n\n\n\n<p>Mo\u017cliwe jest r\u00f3wnie\u017c wykonanie przelewu BLIK na numer telefonu: +48 509 398 500<br>Tytu\u0142em: Darowizna na dzia\u0142alno\u015b\u0107 statutow\u0105 OPP (TED)<\/p>\n\n\n\n<hr class=\"wp-block-separator has-alpha-channel-opacity\"\/>\n\n\n\n<p>Bardzo dzi\u0119kuj\u0119 za Twoje modlitwy, hojno\u015b\u0107 i wsparcie!<\/p>\n\n\n\n<p class=\"has-text-align-right\">W imieniu Zespo\u0142u pracuj\u0105cego nad TED<br>ks. Tymoteusz Bujok<\/p>\n\n\n\n<div style=\"height:100px\" aria-hidden=\"true\" class=\"wp-block-spacer\"><\/div>\n\n\n\n<p>Mo\u017cesz pobra\u0107 ten list modlitewny i wydrukowa\u0107 go dla siebie lub swoich przyjaci\u00f3\u0142: <a href=\"https:\/\/te.cme.org.pl\/2026\/wp-content\/uploads\/sites\/3\/2026\/03\/II-List-Modlitewny-TED-2026-12-marca-2026.pdf\" data-type=\"attachment\" data-id=\"219\">II\u00a0List modlitewny TED 2026<\/a>.<\/p>\n\n\n\n<p>List modlitewny wysy\u0142amy r\u00f3wnie\u017c mailowo do os\u00f3b kt\u00f3re wyrazi\u0142y na to zgod\u0119. Je\u015bli r\u00f3wnie\u017c chcesz do nich do\u0142\u0105czy\u0107 to wype\u0142nij poni\u017cszy formularz:<\/p>\n\n\n\n<iframe id=\"JotFormIFrame-230612376508050\" style=\"min-width: 100%; max-width: 100%; height: 550px; border: none;\" title=\"List modlitewny TE Dziegiel\u00f3w\" src=\"https:\/\/form.jotform.com\/230612376508050\" frameborder=\"0\" scrolling=\"no\" allowfullscreen=\"allowfullscreen\">\n<\/iframe>\n<script type=\"text\/javascript\">\n    var ifr = document.getElementById(\"JotFormIFrame-230612376508050\");\n    if (ifr) {\n      var src = ifr.src;\n      var iframeParams = [];\n      if (window.location.href && window.location.href.indexOf(\"?\") > -1) {\n        iframeParams = iframeParams.concat(window.location.href.substr(window.location.href.indexOf(\"?\") + 1).split('&'));\n      }\n      if (src && src.indexOf(\"?\") > -1) {\n        iframeParams = iframeParams.concat(src.substr(src.indexOf(\"?\") + 1).split(\"&\"));\n        src = src.substr(0, src.indexOf(\"?\"))\n      }\n      iframeParams.push(\"isIframeEmbed=1\");\n      ifr.src = src + \"?\" + iframeParams.join('&');\n    }\n    window.handleIFrameMessage = function(e) {\n      if (typeof e.data === 'object') { return; }\n      var args = e.data.split(\":\");\n      if (args.length > 2) { iframe = document.getElementById(\"JotFormIFrame-\" + args[(args.length - 1)]); } else { iframe = document.getElementById(\"JotFormIFrame\"); }\n      if (!iframe) { return; }\n      switch (args[0]) {\n        case \"scrollIntoView\":\n          iframe.scrollIntoView();\n          break;\n        case \"setHeight\":\n          iframe.style.height = args[1] + \"px\";\n          if (!isNaN(args[1]) && parseInt(iframe.style.minHeight) > parseInt(args[1])) {\n            iframe.style.minHeight = args[1] + \"px\";\n          }\n          break;\n        case \"collapseErrorPage\":\n          if (iframe.clientHeight > window.innerHeight) {\n            iframe.style.height = window.innerHeight + \"px\";\n          }\n          break;\n        case \"reloadPage\":\n          window.location.reload();\n          break;\n        case \"loadScript\":\n          if( !window.isPermitted(e.origin, ['jotform.com', 'jotform.pro']) ) { break; }\n          var src = args[1];\n          if (args.length > 3) {\n              src = args[1] + ':' + args[2];\n          }\n          var script = document.createElement('script');\n          script.src = src;\n          script.type = 'text\/javascript';\n          document.body.appendChild(script);\n          break;\n        case \"exitFullscreen\":\n          if      (window.document.exitFullscreen)        window.document.exitFullscreen();\n          else if (window.document.mozCancelFullScreen)   window.document.mozCancelFullScreen();\n          else if (window.document.mozCancelFullscreen)   window.document.mozCancelFullScreen();\n          else if (window.document.webkitExitFullscreen)  window.document.webkitExitFullscreen();\n          else if (window.document.msExitFullscreen)      window.document.msExitFullscreen();\n          break;\n      }\n      var isJotForm = (e.origin.indexOf(\"jotform\") > -1) ? true : false;\n      if(isJotForm && \"contentWindow\" in iframe && \"postMessage\" in iframe.contentWindow) {\n        var urls = {\"docurl\":encodeURIComponent(document.URL),\"referrer\":encodeURIComponent(document.referrer)};\n        iframe.contentWindow.postMessage(JSON.stringify({\"type\":\"urls\",\"value\":urls}), \"*\");\n      }\n    };\n    window.isPermitted = function(originUrl, whitelisted_domains) {\n      var url = document.createElement('a');\n      url.href = originUrl;\n      var hostname = url.hostname;\n      var result = false;\n      if( typeof hostname !== 'undefined' ) {\n        whitelisted_domains.forEach(function(element) {\n            if( hostname.slice((-1 * element.length - 1)) === '.'.concat(element) ||  hostname === element ) {\n                result = true;\n            }\n        });\n        return result;\n      }\n    };\n    if (window.addEventListener) {\n      window.addEventListener(\"message\", handleIFrameMessage, false);\n    } else if (window.attachEvent) {\n      window.attachEvent(\"onmessage\", handleIFrameMessage);\n    }\n    <\/script>\n","protected":false},"excerpt":{"rendered":"<p>Dzi\u0119giel\u00f3w, 12 marca 2026 roku Drodzy Modliciele,Siostry i Bracia,Kochani Przyjaciele! Przesy\u0142am II\u00a0list modlitewny dotycz\u0105cy Tygodnia Ewangelizacyjnego w\u00a0Dzi\u0119gielowie. W\u00a0tym roku Tydzie\u0144 Ewangelizacyjny odb\u0119dzie si\u0119 ju\u017c po raz 77, a\u00a0spotkamy si\u0119 w\u00a0dniach 5\u201312 lipca. Tematyka wydarzenia zwi\u0105zana jest z\u00a0has\u0142em biblijnym roku: \u201eI\u00a0rzek\u0142 Ten, kt\u00f3ry siedzia\u0142 na tronie: Oto wszystko nowym czyni\u0119 (\u2026)\u201d (Obj 21,5) i\u00a0streszcza si\u0119 w\u00a0ha\u015ble: [&hellip;]<\/p>\n","protected":false},"author":1,"featured_media":0,"parent":55,"menu_order":2,"comment_status":"closed","ping_status":"closed","template":"wp-custom-template-wspieraj-te","meta":{"footnotes":""},"class_list":["post-215","page","type-page","status-publish","hentry"],"_links":{"self":[{"href":"https:\/\/te.cme.org.pl\/2026\/wp-json\/wp\/v2\/pages\/215","targetHints":{"allow":["GET"]}}],"collection":[{"href":"https:\/\/te.cme.org.pl\/2026\/wp-json\/wp\/v2\/pages"}],"about":[{"href":"https:\/\/te.cme.org.pl\/2026\/wp-json\/wp\/v2\/types\/page"}],"author":[{"embeddable":true,"href":"https:\/\/te.cme.org.pl\/2026\/wp-json\/wp\/v2\/users\/1"}],"replies":[{"embeddable":true,"href":"https:\/\/te.cme.org.pl\/2026\/wp-json\/wp\/v2\/comments?post=215"}],"version-history":[{"count":4,"href":"https:\/\/te.cme.org.pl\/2026\/wp-json\/wp\/v2\/pages\/215\/revisions"}],"predecessor-version":[{"id":224,"href":"https:\/\/te.cme.org.pl\/2026\/wp-json\/wp\/v2\/pages\/215\/revisions\/224"}],"up":[{"embeddable":true,"href":"https:\/\/te.cme.org.pl\/2026\/wp-json\/wp\/v2\/pages\/55"}],"wp:attachment":[{"href":"https:\/\/te.cme.org.pl\/2026\/wp-json\/wp\/v2\/media?parent=215"}],"curies":[{"name":"wp","href":"https:\/\/api.w.org\/{rel}","templated":true}]}}