{"id":44,"date":"2025-11-25T13:54:32","date_gmt":"2025-11-25T12:54:32","guid":{"rendered":"https:\/\/te.cme.org.pl\/2026\/?page_id=44"},"modified":"2025-12-11T12:35:36","modified_gmt":"2025-12-11T11:35:36","slug":"kontakt","status":"publish","type":"page","link":"https:\/\/te.cme.org.pl\/2026\/wiecej\/kontakt\/","title":{"rendered":"Kontakt"},"content":{"rendered":"\n<p><strong>Centrum Misji i Ewangelizacji<br>Ko\u015bcio\u0142a Ewangelicko-Augsburskiego w RP<\/strong><\/p>\n\n\n\n<p style=\"margin-top:0;margin-bottom:0\">ul. Misyjna 8, 43-445 Dzi\u0119giel\u00f3w<\/p>\n\n\n\n<p>Je\u015bli chcesz podzieli\u0107 si\u0119 swoj\u0105 opini\u0105 na temat TE, zapyta\u0107 o szczeg\u00f3\u0142y, dowiedzie\u0107 si\u0119 co, gdzie i kiedy \u2013 prosimy, napisz do nas. Odpowiadamy na ka\u017cdego maila.<\/p>\n\n\n\n<p class=\"has-large-font-size\"><strong>Sylwia Chmiel<\/strong><\/p>\n\n\n\n<p style=\"margin-top:0;margin-bottom:0\">koordynator Tygodnia Ewangelizacyjnego<\/p>\n\n\n\n<p><a href=\"mailto:sylwia.chmiel@cme.org.pl\">sylwia.chmiel@cme.org.pl<\/a><br><a href=\"tel:48519048504\">+48 519 048 504<\/a><\/p>\n\n\n\n<p>Zach\u0119camy do kontaktu!<\/p>\n","protected":false},"excerpt":{"rendered":"<p>Centrum Misji i EwangelizacjiKo\u015bcio\u0142a Ewangelicko-Augsburskiego w RP ul. Misyjna 8, 43-445 Dzi\u0119giel\u00f3w Je\u015bli chcesz podzieli\u0107 si\u0119 swoj\u0105 opini\u0105 na temat TE, zapyta\u0107 o szczeg\u00f3\u0142y, dowiedzie\u0107 si\u0119 co, gdzie i kiedy \u2013 prosimy, napisz do nas. Odpowiadamy na ka\u017cdego maila. Sylwia Chmiel koordynator Tygodnia Ewangelizacyjnego sylwia.chmiel@cme.org.pl+48 519 048 504 Zach\u0119camy do kontaktu!<\/p>\n","protected":false},"author":1,"featured_media":0,"parent":28,"menu_order":7,"comment_status":"closed","ping_status":"closed","template":"","meta":{"footnotes":""},"class_list":["post-44","page","type-page","status-publish","hentry"],"_links":{"self":[{"href":"https:\/\/te.cme.org.pl\/2026\/wp-json\/wp\/v2\/pages\/44","targetHints":{"allow":["GET"]}}],"collection":[{"href":"https:\/\/te.cme.org.pl\/2026\/wp-json\/wp\/v2\/pages"}],"about":[{"href":"https:\/\/te.cme.org.pl\/2026\/wp-json\/wp\/v2\/types\/page"}],"author":[{"embeddable":true,"href":"https:\/\/te.cme.org.pl\/2026\/wp-json\/wp\/v2\/users\/1"}],"replies":[{"embeddable":true,"href":"https:\/\/te.cme.org.pl\/2026\/wp-json\/wp\/v2\/comments?post=44"}],"version-history":[{"count":3,"href":"https:\/\/te.cme.org.pl\/2026\/wp-json\/wp\/v2\/pages\/44\/revisions"}],"predecessor-version":[{"id":125,"href":"https:\/\/te.cme.org.pl\/2026\/wp-json\/wp\/v2\/pages\/44\/revisions\/125"}],"up":[{"embeddable":true,"href":"https:\/\/te.cme.org.pl\/2026\/wp-json\/wp\/v2\/pages\/28"}],"wp:attachment":[{"href":"https:\/\/te.cme.org.pl\/2026\/wp-json\/wp\/v2\/media?parent=44"}],"curies":[{"name":"wp","href":"https:\/\/api.w.org\/{rel}","templated":true}]}}