{"id":73,"date":"2025-11-26T09:01:08","date_gmt":"2025-11-26T08:01:08","guid":{"rendered":"https:\/\/te.cme.org.pl\/2026\/?page_id=73"},"modified":"2025-11-26T13:43:33","modified_gmt":"2025-11-26T12:43:33","slug":"dziegielow-to-miejsce-szczegolne","status":"publish","type":"page","link":"https:\/\/te.cme.org.pl\/2026\/wiecej\/dziegielow-to-miejsce-szczegolne\/","title":{"rendered":"Dzi\u0119giel\u00f3w to miejsce szczeg\u00f3lne"},"content":{"rendered":"\n<h2 class=\"wp-block-heading\">Poznaj niezwyk\u0142\u0105 histori\u0119 Tygodni Ewangeli\u00adzacyjnych w&nbsp;Dzi\u0119gielowie!<\/h2>\n\n\n\n<p>Historia Tygodni Ewangelizacyjnych w Dzi\u0119gielowie si\u0119ga lat 50. XX wieku. To wyj\u0105tkowe wydarzenie religijne przez dekady by\u0142o miejscem inspiracji, duchowych przemian i licznych b\u0142ogos\u0142awie\u0144stw.<\/p>\n\n\n\n<p>Je\u015bli chcesz zg\u0142\u0119bi\u0107 t\u0119 fascynuj\u0105c\u0105 histori\u0119, zapraszamy do lektury niezwyk\u0142ej publikacji <strong>\u201eDzi\u0119giel\u00f3w to miejsce szczeg\u00f3lne\u201d<\/strong>, kt\u00f3ra dokumentuje <strong>50 lat b\u0142ogos\u0142awie\u0144stw Tygodni Ewangelizacyjnych<\/strong>. Ksi\u0105\u017cka zawiera bogato ilustrowane wspomnienia, archiwalne zdj\u0119cia i&nbsp;\u015bwiadectwa os\u00f3b zaanga\u017cowanych w organizacj\u0119 tych wydarze\u0144.<\/p>\n\n\n\n<p>Dzi\u0119ki tej publikacji odkryjesz, dlaczego Dzi\u0119giel\u00f3w sta\u0142 si\u0119 tak wyj\u0105tkowym miejscem na mapie chrze\u015bcija\u0144skiej Polski.<\/p>\n\n\n\n<h2 class=\"wp-block-heading\">Szczeg\u00f3\u0142y publikacji<\/h2>\n\n\n\n<div class=\"wp-block-media-text alignwide is-stacked-on-mobile\" style=\"grid-template-columns:30% auto\"><figure class=\"wp-block-media-text__media\"><img decoding=\"async\" src=\"https:\/\/te.cme.org.pl\/2025\/wp-content\/uploads\/sites\/2\/2025\/05\/dziegielow-to-miejsce-szczegolne-okladka.jpg\" alt=\"\" class=\"wp-image-1037 size-full\"\/><\/figure><div class=\"wp-block-media-text__content\">\n<ul class=\"wp-block-list\">\n<li><strong>Autor:<\/strong> praca zbiorowa pod redakcj\u0105 Jolanty Chwastek<\/li>\n\n\n\n<li><strong>Korekta:<\/strong> Czes\u0142aw Czudek, Adam Kr\u00f3l<\/li>\n\n\n\n<li><strong>Projekt ok\u0142adki:<\/strong> ks. Karol Macura<\/li>\n\n\n\n<li><strong>Liczba stron:<\/strong> 103<\/li>\n\n\n\n<li><strong>Wydawnictwo:<\/strong> Wydano staraniem Komitetu Organizacyjnego TE, przy Centrum Misji i&nbsp;Ewan\u00adgelizacji Ko\u015bcio\u0142a Ewangelicko-Augsburskiego w&nbsp;RP<\/li>\n\n\n\n<li><strong>Format:<\/strong> e-book \u2013 pdf<\/li>\n<\/ul>\n<\/div><\/div>\n\n\n\n<div class=\"wp-block-buttons is-content-justification-center is-layout-flex wp-container-core-buttons-is-layout-a89b3969 wp-block-buttons-is-layout-flex\">\n<div class=\"wp-block-button te-button-outline is-style-outline is-style-outline--1\"><a class=\"wp-block-button__link wp-element-button\" href=\"https:\/\/te.cme.org.pl\/2025\/wp-content\/uploads\/sites\/2\/2025\/05\/dziegielow-to-miejsce-szczegolne.pdf\" target=\"_blank\">Pobierz PDF<\/a><\/div>\n<\/div>\n","protected":false},"excerpt":{"rendered":"<p>Poznaj niezwyk\u0142\u0105 histori\u0119 Tygodni Ewangeli\u00adzacyjnych w&nbsp;Dzi\u0119gielowie! Historia Tygodni Ewangelizacyjnych w Dzi\u0119gielowie si\u0119ga lat 50. XX wieku. To wyj\u0105tkowe wydarzenie religijne przez dekady by\u0142o miejscem inspiracji, duchowych przemian i licznych b\u0142ogos\u0142awie\u0144stw. Je\u015bli chcesz zg\u0142\u0119bi\u0107 t\u0119 fascynuj\u0105c\u0105 histori\u0119, zapraszamy do lektury niezwyk\u0142ej publikacji \u201eDzi\u0119giel\u00f3w to miejsce szczeg\u00f3lne\u201d, kt\u00f3ra dokumentuje 50 lat b\u0142ogos\u0142awie\u0144stw Tygodni Ewangelizacyjnych. Ksi\u0105\u017cka zawiera bogato [&hellip;]<\/p>\n","protected":false},"author":1,"featured_media":0,"parent":28,"menu_order":4,"comment_status":"closed","ping_status":"closed","template":"","meta":{"footnotes":""},"class_list":["post-73","page","type-page","status-publish","hentry"],"_links":{"self":[{"href":"https:\/\/te.cme.org.pl\/2026\/wp-json\/wp\/v2\/pages\/73","targetHints":{"allow":["GET"]}}],"collection":[{"href":"https:\/\/te.cme.org.pl\/2026\/wp-json\/wp\/v2\/pages"}],"about":[{"href":"https:\/\/te.cme.org.pl\/2026\/wp-json\/wp\/v2\/types\/page"}],"author":[{"embeddable":true,"href":"https:\/\/te.cme.org.pl\/2026\/wp-json\/wp\/v2\/users\/1"}],"replies":[{"embeddable":true,"href":"https:\/\/te.cme.org.pl\/2026\/wp-json\/wp\/v2\/comments?post=73"}],"version-history":[{"count":4,"href":"https:\/\/te.cme.org.pl\/2026\/wp-json\/wp\/v2\/pages\/73\/revisions"}],"predecessor-version":[{"id":86,"href":"https:\/\/te.cme.org.pl\/2026\/wp-json\/wp\/v2\/pages\/73\/revisions\/86"}],"up":[{"embeddable":true,"href":"https:\/\/te.cme.org.pl\/2026\/wp-json\/wp\/v2\/pages\/28"}],"wp:attachment":[{"href":"https:\/\/te.cme.org.pl\/2026\/wp-json\/wp\/v2\/media?parent=73"}],"curies":[{"name":"wp","href":"https:\/\/api.w.org\/{rel}","templated":true}]}}